{"id":5050,"date":"2025-03-19T14:54:06","date_gmt":"2025-03-19T14:54:06","guid":{"rendered":"https:\/\/www.sommelieroftheyear.eu\/arne-braeckman-sacre-sommelier-of-the-year-2025\/"},"modified":"2025-03-20T10:18:13","modified_gmt":"2025-03-20T10:18:13","slug":"arne-braeckman-sacre-sommelier-of-the-year-2025","status":"publish","type":"page","link":"https:\/\/www.sommelieroftheyear.eu\/fr\/arne-braeckman-sacre-sommelier-of-the-year-2025\/","title":{"rendered":"Arne Braeckman sacr\u00e9 \u2018Sommelier of the Year 2025\u2019"},"content":{"rendered":"<p>[vc_row][vc_column][vc_empty_space height=\u00a0\u00bb100px\u00a0\u00bb woodmart_hide_large=\u00a0\u00bb0&Prime; woodmart_hide_medium=\u00a0\u00bb0&Prime; woodmart_hide_small=\u00a0\u00bb0&Prime; woodmart_hide_extra_small=\u00a0\u00bb0&Prime;][\/vc_column][\/vc_row][vc_row full_width=\u00a0\u00bbstretch_row\u00a0\u00bb mobile_bg_img_hidden=\u00a0\u00bbno\u00a0\u00bb tablet_bg_img_hidden=\u00a0\u00bbno\u00a0\u00bb woodmart_parallax=\u00a0\u00bb0&Prime; woodmart_gradient_switch=\u00a0\u00bbno\u00a0\u00bb row_reverse_mobile=\u00a0\u00bb0&Prime; row_reverse_tablet=\u00a0\u00bb0&Prime; woodmart_disable_overflow=\u00a0\u00bb0&Prime;][vc_column width=\u00a0\u00bb1\/6&Prime;][\/vc_column][vc_column width=\u00a0\u00bb2\/3&Prime;][vc_column_text text_larger=\u00a0\u00bbno\u00a0\u00bb]<\/p>\n<h1 class=\"entry-title\">Arne Braeckman (Gand) sacr\u00e9 \u2018Sommelier of the Year 2025\u2019<\/h1>\n<p>[\/vc_column_text][vc_column_text text_larger=\u00a0\u00bbno\u00a0\u00bb]<\/p>\n<p style=\"font-weight: 400;\">19\/03\/2025<\/p>\n<p>[\/vc_column_text][vc_column_text text_larger=\u00a0\u00bbno\u00a0\u00bb]<\/p>\n<div>\n<p class=\"p1\"><b>Le nom du laur\u00e9at de la 15e \u00e9dition du concours \u2018Sommelier of the Year 2025\u2019 a \u00e9t\u00e9 annonc\u00e9 ce lundi. Arne Braeckman, sommelier et co-g\u00e9rant du <a href=\"https:\/\/www.ona.gent\" target=\"_blank\" rel=\"noopener\">bar \u00e0 vin Ona<\/a> \u00e0 Gand, s\u2019est vu d\u00e9cerner ce prestigieux titre national. <\/b><\/p>\n<\/div>\n<p>[\/vc_column_text][vc_single_image image=\u00a0\u00bb4829&Prime; img_size=\u00a0\u00bbfull\u00a0\u00bb parallax_scroll=\u00a0\u00bbno\u00a0\u00bb][vc_column_text text_larger=\u00a0\u00bbno\u00a0\u00bb]<\/p>\n<div>\n<p class=\"p1\">Fin janvier, les trois meilleurs sommeliers de chaque province se sont affront\u00e9s lors d&rsquo;une \u00e9preuve exigeante autour d\u2019un th\u00e8me central : les monoc\u00e9pages, des vins \u00e9labor\u00e9s \u00e0 partir d\u2019un seul c\u00e9page. Les candidats ont d\u00e9gust\u00e9 dix vins \u00e0 l&rsquo;aveugle et devaient non seulement en identifier l\u2019origine et le c\u00e9page, mais aussi proposer l&rsquo;accord mets et vin parfait. Outre un palais aff\u00fbt\u00e9, des connaissances techniques, une argumentation solide et des comp\u00e9tences en communication \u00e9taient \u00e9galement essentielles. \u00ab Arne Braeckman s&rsquo;est clairement distingu\u00e9 en obtenant le score le plus \u00e9lev\u00e9. <i><span lang=\"NL\">Il peut donc d\u00e9sormais se pr\u00e9valoir du titre de \u2018Sommelier of the Year 2025\u2019\u00bb<\/span><\/i>, a d\u00e9clar\u00e9 Baudouin Meyhui, pr\u00e9sident du jury.    <\/p>\n<p class=\"p1\">Ce n&rsquo;est pas sa premi\u00e8re distinction : en 2023, Arne avait d\u00e9j\u00e0 \u00e9t\u00e9 \u00e9lu \u2018Sommelier of the Year de la Province de Flandre orientale\u2019. La m\u00eame ann\u00e9e, son \u00e9pouse et \u2018partner in wine\u2019, Ona Rombaut, avec laquelle il dirige deux bars \u00e0 vin \u00e0 Gand, avait \u00e9t\u00e9 sacr\u00e9e \u2018Wine Lady of the Year\u2019. Leur passion commune et leur expertise ont fait du bar \u00e0 vin Ona une r\u00e9f\u00e9rence dans le monde du vin en Belgique.  <\/p>\n<\/div>\n<p>[\/vc_column_text][vc_column_text text_larger=\u00a0\u00bbno\u00a0\u00bb]<\/p>\n<h2>Une reconnaissance du meilleur sommelier<\/h2>\n<p>[\/vc_column_text][vc_column_text text_larger=\u00a0\u00bbno\u00a0\u00bb]<\/p>\n<div>\n<p class=\"p1\">L&rsquo;\u00e9lection du \u00ab\u00a0Sommelier of the Year\u2019 n&rsquo;est pas un concours mais une reconnaissance du meilleur sommelier, saluant son engagement quotidien et son professionnalisme. Pour obtenir le titre, les candidats doivent r\u00e9pondre \u00e0 un certain nombre de crit\u00e8res. Ils doivent non seulement travailler dans un restaurant belge et avoir une exp\u00e9rience professionnelle suffisante mais \u00e9galement ma\u00eetriser les connaissances techniques et les comp\u00e9tences en communication n\u00e9cessaires. En outre une connaissance des aspects techniques d&rsquo;une carte des vins, tout en garantissant la gestion de la carte des vins et le rapport qualit\u00e9-prix est primordiale.  <\/p>\n<p class=\"p1\">L\u2019\u00e9lection \u00ab Sommelier of the Year \u00bb, organis\u00e9e par <a href=\"https:\/\/www.homeandtable.be\" target=\"_blank\" rel=\"noopener\">Home &amp; Table by Meyhui<\/a>, <a href=\"https:\/\/foodprint.be\" target=\"_blank\" rel=\"noopener\">Foodprint<\/a> et <a href=\"https:\/\/club-prosper-montagne.be\" target=\"_blank\" rel=\"noopener\">le Club Prosper Montagn\u00e9<\/a>, r\u00e9compense, depuis 2010, le professionnalisme, l\u2019expertise et la passion de sommeliers belges qui font chaque jour la diff\u00e9rence dans le monde de la gastronomie. Un sommelier ne peut remporter le titre de \u2018Sommelier of the Year\u2019 qu\u2019une seule fois. Cette ann\u00e9e, le jury \u00e9tait entre autres compos\u00e9 du pr\u00e9sident Baudouin Meyhui et de Guido Francque, Frank Desmedt, Mathieu Vanneste, Gido Van Imschoot et Robert Vanlandeghem. <\/p>\n<\/div>\n<p>[\/vc_column_text][\/vc_column][vc_column width=\u00a0\u00bb1\/6&Prime;][\/vc_column][\/vc_row][vc_row full_width=\u00a0\u00bbstretch_row\u00a0\u00bb mobile_bg_img_hidden=\u00a0\u00bbno\u00a0\u00bb tablet_bg_img_hidden=\u00a0\u00bbno\u00a0\u00bb woodmart_parallax=\u00a0\u00bb0&Prime; woodmart_gradient_switch=\u00a0\u00bbno\u00a0\u00bb row_reverse_mobile=\u00a0\u00bb0&Prime; row_reverse_tablet=\u00a0\u00bb0&Prime; woodmart_disable_overflow=\u00a0\u00bb0&Prime;][vc_column width=\u00a0\u00bb1\/6&Prime;][\/vc_column][vc_column width=\u00a0\u00bb2\/3&Prime;][vc_column_text text_larger=\u00a0\u00bbno\u00a0\u00bb]<\/p>\n<h2>Quelques images de l&rsquo;\u00e9v\u00e9nement :<\/h2>\n<p>[\/vc_column_text][vc_media_grid grid_id=\u00a0\u00bbvc_gid:1742465194061-b7f5ed8a-7ddc-3&Prime; include=\u00a0\u00bb4831,4833,4835,4837,4839,4841,4843,4845,4847,4849,4851,4853,4855,4857,4859,4861,4863,4865,4867,4869,4871,4873,4875,4877,4879,4881,4883,4885,4887,4889,4891,4893,4895,4897,4899,4901,4903,4905,4907,4909,4911,4913,4915,4917,4919,4921,4923,4925,4927,4929,4931,4933,4935,4937,4939,4941,4943,4945,4947,4950,4952,4954,4956,4958,4960,4962,4964,4966,4968,4970,4972,4974,4976,4978,4980,4982,4984,4986,4988,4990,4992,4994,4996,4998,5000,5002,5004,5006,5008,5010,5012,5014,5016,5018,5020,5022,5024,5026,5028,5030,5032,5034,5036,5038,5040&Prime;][\/vc_column][vc_column width=\u00a0\u00bb1\/6&Prime;][\/vc_column][\/vc_row][vc_row][vc_column][vc_empty_space height=\u00a0\u00bb100px\u00a0\u00bb woodmart_hide_large=\u00a0\u00bb0&Prime; woodmart_hide_medium=\u00a0\u00bb0&Prime; woodmart_hide_small=\u00a0\u00bb0&Prime; woodmart_hide_extra_small=\u00a0\u00bb0&Prime;][\/vc_column][\/vc_row]<\/p>\n","protected":false},"excerpt":{"rendered":"<p>[vc_row][vc_column][vc_empty_space height=\u00a0\u00bb100px\u00a0\u00bb woodmart_hide_large=\u00a0\u00bb0&Prime; woodmart_hide_medium=\u00a0\u00bb0&Prime; woodmart_hide_small=\u00a0\u00bb0&Prime; woodmart_hide_extra_small=\u00a0\u00bb0&Prime;][\/vc_column][\/vc_row][vc_row full_width=\u00a0\u00bbstretch_row\u00a0\u00bb mobile_bg_img_hidden=\u00a0\u00bbno\u00a0\u00bb tablet_bg_img_hidden=\u00a0\u00bbno\u00a0\u00bb woodmart_parallax=\u00a0\u00bb0&Prime; woodmart_gradient_switch=\u00a0\u00bbno\u00a0\u00bb row_reverse_mobile=\u00a0\u00bb0&Prime; row_reverse_tablet=\u00a0\u00bb0&Prime; woodmart_disable_overflow=\u00a0\u00bb0&Prime;][vc_column width=\u00a0\u00bb1\/6&Prime;][\/vc_column][vc_column width=\u00a0\u00bb2\/3&Prime;][vc_column_text text_larger=\u00a0\u00bbno\u00a0\u00bb] Arne Braeckman (Gand)<\/p>\n","protected":false},"author":1,"featured_media":4830,"parent":0,"menu_order":0,"comment_status":"closed","ping_status":"closed","template":"","meta":{"footnotes":""},"class_list":["post-5050","page","type-page","status-publish","has-post-thumbnail","hentry"],"yoast_head":"<!-- This site is optimized with the Yoast SEO plugin v26.2 - https:\/\/yoast.com\/wordpress\/plugins\/seo\/ -->\n<title>Arne Braeckman sacr\u00e9 \u2018Sommelier of the Year 2025\u2019<\/title>\n<meta name=\"description\" content=\"Le nom du laur\u00e9at de la 15e \u00e9dition du concours \u2018Sommelier of the Year 2025\u2019 a \u00e9t\u00e9 annonc\u00e9 ce lundi. Arne Braeckman, sommelier et co-g\u00e9rant du bar \u00e0 vin Ona \u00e0 Gand, s\u2019est vu d\u00e9cerner ce prestigieux titre national.\" \/>\n<meta name=\"robots\" content=\"index, follow, max-snippet:-1, max-image-preview:large, max-video-preview:-1\" \/>\n<link rel=\"canonical\" href=\"https:\/\/www.sommelieroftheyear.eu\/fr\/arne-braeckman-sacre-sommelier-of-the-year-2025\/\" \/>\n<meta property=\"og:locale\" content=\"fr_FR\" \/>\n<meta property=\"og:type\" content=\"article\" \/>\n<meta property=\"og:title\" content=\"Arne Braeckman (Gand) sacr\u00e9 \u2018Sommelier of the Year 2025\u2019\" \/>\n<meta property=\"og:description\" content=\"Le nom du laur\u00e9at de la 15e \u00e9dition du concours \u2018Sommelier of the Year 2025\u2019 a \u00e9t\u00e9 annonc\u00e9 ce lundi. Arne Braeckman, sommelier et co-g\u00e9rant du bar \u00e0 vin Ona \u00e0 Gand, s\u2019est vu d\u00e9cerner ce prestigieux titre national.\" \/>\n<meta property=\"og:url\" content=\"https:\/\/www.sommelieroftheyear.eu\/fr\/arne-braeckman-sacre-sommelier-of-the-year-2025\/\" \/>\n<meta property=\"og:site_name\" content=\"Sommelier Of The Year\" \/>\n<meta property=\"article:publisher\" content=\"https:\/\/www.facebook.com\/profile.php?id=61569311944077\" \/>\n<meta property=\"article:modified_time\" content=\"2025-03-20T10:18:13+00:00\" \/>\n<meta property=\"og:image\" content=\"https:\/\/www.sommelieroftheyear.eu\/wp-content\/uploads\/2025\/03\/PM-25-Ekkow-Photography-70_H-1024x683.jpg\" \/>\n<meta name=\"twitter:card\" content=\"summary_large_image\" \/>\n<meta name=\"twitter:title\" content=\"Arne Braeckman (Gand) sacr\u00e9 \u2018Sommelier of the Year 2025\u2019\" \/>\n<meta name=\"twitter:description\" content=\"Le nom du laur\u00e9at de la 15e \u00e9dition du concours \u2018Sommelier of the Year 2025\u2019 a \u00e9t\u00e9 annonc\u00e9 ce lundi. Arne Braeckman, sommelier et co-g\u00e9rant du bar \u00e0 vin Ona \u00e0 Gand, s\u2019est vu d\u00e9cerner ce prestigieux titre national.\" \/>\n<meta name=\"twitter:image\" content=\"https:\/\/www.sommelieroftheyear.eu\/wp-content\/uploads\/2025\/03\/PM-25-Ekkow-Photography-70_H-1024x683.jpg\" \/>\n<meta name=\"twitter:label1\" content=\"Dur\u00e9e de lecture estim\u00e9e\" \/>\n\t<meta name=\"twitter:data1\" content=\"3 minutes\" \/>\n<script type=\"application\/ld+json\" class=\"yoast-schema-graph\">{\"@context\":\"https:\/\/schema.org\",\"@graph\":[{\"@type\":\"WebPage\",\"@id\":\"https:\/\/www.sommelieroftheyear.eu\/fr\/arne-braeckman-sacre-sommelier-of-the-year-2025\/\",\"url\":\"https:\/\/www.sommelieroftheyear.eu\/fr\/arne-braeckman-sacre-sommelier-of-the-year-2025\/\",\"name\":\"Arne Braeckman sacr\u00e9 \u2018Sommelier of the Year 2025\u2019\",\"isPartOf\":{\"@id\":\"https:\/\/www.sommelieroftheyear.eu\/#website\"},\"primaryImageOfPage\":{\"@id\":\"https:\/\/www.sommelieroftheyear.eu\/fr\/arne-braeckman-sacre-sommelier-of-the-year-2025\/#primaryimage\"},\"image\":{\"@id\":\"https:\/\/www.sommelieroftheyear.eu\/fr\/arne-braeckman-sacre-sommelier-of-the-year-2025\/#primaryimage\"},\"thumbnailUrl\":\"https:\/\/www.sommelieroftheyear.eu\/wp-content\/uploads\/2025\/03\/PM-25-Ekkow-Photography-70_H.jpg\",\"datePublished\":\"2025-03-19T14:54:06+00:00\",\"dateModified\":\"2025-03-20T10:18:13+00:00\",\"description\":\"Le nom du laur\u00e9at de la 15e \u00e9dition du concours \u2018Sommelier of the Year 2025\u2019 a \u00e9t\u00e9 annonc\u00e9 ce lundi. Arne Braeckman, sommelier et co-g\u00e9rant du bar \u00e0 vin Ona \u00e0 Gand, s\u2019est vu d\u00e9cerner ce prestigieux titre national.\",\"breadcrumb\":{\"@id\":\"https:\/\/www.sommelieroftheyear.eu\/fr\/arne-braeckman-sacre-sommelier-of-the-year-2025\/#breadcrumb\"},\"inLanguage\":\"fr-FR\",\"potentialAction\":[{\"@type\":\"ReadAction\",\"target\":[\"https:\/\/www.sommelieroftheyear.eu\/fr\/arne-braeckman-sacre-sommelier-of-the-year-2025\/\"]}]},{\"@type\":\"ImageObject\",\"inLanguage\":\"fr-FR\",\"@id\":\"https:\/\/www.sommelieroftheyear.eu\/fr\/arne-braeckman-sacre-sommelier-of-the-year-2025\/#primaryimage\",\"url\":\"https:\/\/www.sommelieroftheyear.eu\/wp-content\/uploads\/2025\/03\/PM-25-Ekkow-Photography-70_H.jpg\",\"contentUrl\":\"https:\/\/www.sommelieroftheyear.eu\/wp-content\/uploads\/2025\/03\/PM-25-Ekkow-Photography-70_H.jpg\",\"width\":1280,\"height\":854},{\"@type\":\"BreadcrumbList\",\"@id\":\"https:\/\/www.sommelieroftheyear.eu\/fr\/arne-braeckman-sacre-sommelier-of-the-year-2025\/#breadcrumb\",\"itemListElement\":[{\"@type\":\"ListItem\",\"position\":1,\"name\":\"Home\",\"item\":\"https:\/\/www.sommelieroftheyear.eu\/fr\/qui-sera-sommelier-de-lannee-2023\/\"},{\"@type\":\"ListItem\",\"position\":2,\"name\":\"Arne Braeckman sacr\u00e9 \u2018Sommelier of the Year 2025\u2019\"}]},{\"@type\":\"WebSite\",\"@id\":\"https:\/\/www.sommelieroftheyear.eu\/#website\",\"url\":\"https:\/\/www.sommelieroftheyear.eu\/\",\"name\":\"Sommelier Of The Year\",\"description\":\"Wie wordt verkozen tot Sommelier of the Year?\",\"publisher\":{\"@id\":\"https:\/\/www.sommelieroftheyear.eu\/#organization\"},\"potentialAction\":[{\"@type\":\"SearchAction\",\"target\":{\"@type\":\"EntryPoint\",\"urlTemplate\":\"https:\/\/www.sommelieroftheyear.eu\/?s={search_term_string}\"},\"query-input\":{\"@type\":\"PropertyValueSpecification\",\"valueRequired\":true,\"valueName\":\"search_term_string\"}}],\"inLanguage\":\"fr-FR\"},{\"@type\":\"Organization\",\"@id\":\"https:\/\/www.sommelieroftheyear.eu\/#organization\",\"name\":\"Sommelier Of The Year\",\"url\":\"https:\/\/www.sommelieroftheyear.eu\/\",\"logo\":{\"@type\":\"ImageObject\",\"inLanguage\":\"fr-FR\",\"@id\":\"https:\/\/www.sommelieroftheyear.eu\/#\/schema\/logo\/image\/\",\"url\":\"https:\/\/www.sommelieroftheyear.eu\/wp-content\/uploads\/2021\/11\/soty_logo.png\",\"contentUrl\":\"https:\/\/www.sommelieroftheyear.eu\/wp-content\/uploads\/2021\/11\/soty_logo.png\",\"width\":450,\"height\":204,\"caption\":\"Sommelier Of The Year\"},\"image\":{\"@id\":\"https:\/\/www.sommelieroftheyear.eu\/#\/schema\/logo\/image\/\"},\"sameAs\":[\"https:\/\/www.facebook.com\/profile.php?id=61569311944077\"]}]}<\/script>\n<!-- \/ Yoast SEO plugin. -->","yoast_head_json":{"title":"Arne Braeckman sacr\u00e9 \u2018Sommelier of the Year 2025\u2019","description":"Le nom du laur\u00e9at de la 15e \u00e9dition du concours \u2018Sommelier of the Year 2025\u2019 a \u00e9t\u00e9 annonc\u00e9 ce lundi. Arne Braeckman, sommelier et co-g\u00e9rant du bar \u00e0 vin Ona \u00e0 Gand, s\u2019est vu d\u00e9cerner ce prestigieux titre national.","robots":{"index":"index","follow":"follow","max-snippet":"max-snippet:-1","max-image-preview":"max-image-preview:large","max-video-preview":"max-video-preview:-1"},"canonical":"https:\/\/www.sommelieroftheyear.eu\/fr\/arne-braeckman-sacre-sommelier-of-the-year-2025\/","og_locale":"fr_FR","og_type":"article","og_title":"Arne Braeckman (Gand) sacr\u00e9 \u2018Sommelier of the Year 2025\u2019","og_description":"Le nom du laur\u00e9at de la 15e \u00e9dition du concours \u2018Sommelier of the Year 2025\u2019 a \u00e9t\u00e9 annonc\u00e9 ce lundi. Arne Braeckman, sommelier et co-g\u00e9rant du bar \u00e0 vin Ona \u00e0 Gand, s\u2019est vu d\u00e9cerner ce prestigieux titre national.","og_url":"https:\/\/www.sommelieroftheyear.eu\/fr\/arne-braeckman-sacre-sommelier-of-the-year-2025\/","og_site_name":"Sommelier Of The Year","article_publisher":"https:\/\/www.facebook.com\/profile.php?id=61569311944077","article_modified_time":"2025-03-20T10:18:13+00:00","og_image":[{"url":"https:\/\/www.sommelieroftheyear.eu\/wp-content\/uploads\/2025\/03\/PM-25-Ekkow-Photography-70_H-1024x683.jpg","type":"","width":"","height":""}],"twitter_card":"summary_large_image","twitter_title":"Arne Braeckman (Gand) sacr\u00e9 \u2018Sommelier of the Year 2025\u2019","twitter_description":"Le nom du laur\u00e9at de la 15e \u00e9dition du concours \u2018Sommelier of the Year 2025\u2019 a \u00e9t\u00e9 annonc\u00e9 ce lundi. Arne Braeckman, sommelier et co-g\u00e9rant du bar \u00e0 vin Ona \u00e0 Gand, s\u2019est vu d\u00e9cerner ce prestigieux titre national.","twitter_image":"https:\/\/www.sommelieroftheyear.eu\/wp-content\/uploads\/2025\/03\/PM-25-Ekkow-Photography-70_H-1024x683.jpg","twitter_misc":{"Dur\u00e9e de lecture estim\u00e9e":"3 minutes"},"schema":{"@context":"https:\/\/schema.org","@graph":[{"@type":"WebPage","@id":"https:\/\/www.sommelieroftheyear.eu\/fr\/arne-braeckman-sacre-sommelier-of-the-year-2025\/","url":"https:\/\/www.sommelieroftheyear.eu\/fr\/arne-braeckman-sacre-sommelier-of-the-year-2025\/","name":"Arne Braeckman sacr\u00e9 \u2018Sommelier of the Year 2025\u2019","isPartOf":{"@id":"https:\/\/www.sommelieroftheyear.eu\/#website"},"primaryImageOfPage":{"@id":"https:\/\/www.sommelieroftheyear.eu\/fr\/arne-braeckman-sacre-sommelier-of-the-year-2025\/#primaryimage"},"image":{"@id":"https:\/\/www.sommelieroftheyear.eu\/fr\/arne-braeckman-sacre-sommelier-of-the-year-2025\/#primaryimage"},"thumbnailUrl":"https:\/\/www.sommelieroftheyear.eu\/wp-content\/uploads\/2025\/03\/PM-25-Ekkow-Photography-70_H.jpg","datePublished":"2025-03-19T14:54:06+00:00","dateModified":"2025-03-20T10:18:13+00:00","description":"Le nom du laur\u00e9at de la 15e \u00e9dition du concours \u2018Sommelier of the Year 2025\u2019 a \u00e9t\u00e9 annonc\u00e9 ce lundi. Arne Braeckman, sommelier et co-g\u00e9rant du bar \u00e0 vin Ona \u00e0 Gand, s\u2019est vu d\u00e9cerner ce prestigieux titre national.","breadcrumb":{"@id":"https:\/\/www.sommelieroftheyear.eu\/fr\/arne-braeckman-sacre-sommelier-of-the-year-2025\/#breadcrumb"},"inLanguage":"fr-FR","potentialAction":[{"@type":"ReadAction","target":["https:\/\/www.sommelieroftheyear.eu\/fr\/arne-braeckman-sacre-sommelier-of-the-year-2025\/"]}]},{"@type":"ImageObject","inLanguage":"fr-FR","@id":"https:\/\/www.sommelieroftheyear.eu\/fr\/arne-braeckman-sacre-sommelier-of-the-year-2025\/#primaryimage","url":"https:\/\/www.sommelieroftheyear.eu\/wp-content\/uploads\/2025\/03\/PM-25-Ekkow-Photography-70_H.jpg","contentUrl":"https:\/\/www.sommelieroftheyear.eu\/wp-content\/uploads\/2025\/03\/PM-25-Ekkow-Photography-70_H.jpg","width":1280,"height":854},{"@type":"BreadcrumbList","@id":"https:\/\/www.sommelieroftheyear.eu\/fr\/arne-braeckman-sacre-sommelier-of-the-year-2025\/#breadcrumb","itemListElement":[{"@type":"ListItem","position":1,"name":"Home","item":"https:\/\/www.sommelieroftheyear.eu\/fr\/qui-sera-sommelier-de-lannee-2023\/"},{"@type":"ListItem","position":2,"name":"Arne Braeckman sacr\u00e9 \u2018Sommelier of the Year 2025\u2019"}]},{"@type":"WebSite","@id":"https:\/\/www.sommelieroftheyear.eu\/#website","url":"https:\/\/www.sommelieroftheyear.eu\/","name":"Sommelier Of The Year","description":"Wie wordt verkozen tot Sommelier of the Year?","publisher":{"@id":"https:\/\/www.sommelieroftheyear.eu\/#organization"},"potentialAction":[{"@type":"SearchAction","target":{"@type":"EntryPoint","urlTemplate":"https:\/\/www.sommelieroftheyear.eu\/?s={search_term_string}"},"query-input":{"@type":"PropertyValueSpecification","valueRequired":true,"valueName":"search_term_string"}}],"inLanguage":"fr-FR"},{"@type":"Organization","@id":"https:\/\/www.sommelieroftheyear.eu\/#organization","name":"Sommelier Of The Year","url":"https:\/\/www.sommelieroftheyear.eu\/","logo":{"@type":"ImageObject","inLanguage":"fr-FR","@id":"https:\/\/www.sommelieroftheyear.eu\/#\/schema\/logo\/image\/","url":"https:\/\/www.sommelieroftheyear.eu\/wp-content\/uploads\/2021\/11\/soty_logo.png","contentUrl":"https:\/\/www.sommelieroftheyear.eu\/wp-content\/uploads\/2021\/11\/soty_logo.png","width":450,"height":204,"caption":"Sommelier Of The Year"},"image":{"@id":"https:\/\/www.sommelieroftheyear.eu\/#\/schema\/logo\/image\/"},"sameAs":["https:\/\/www.facebook.com\/profile.php?id=61569311944077"]}]}},"_links":{"self":[{"href":"https:\/\/www.sommelieroftheyear.eu\/fr\/wp-json\/wp\/v2\/pages\/5050","targetHints":{"allow":["GET"]}}],"collection":[{"href":"https:\/\/www.sommelieroftheyear.eu\/fr\/wp-json\/wp\/v2\/pages"}],"about":[{"href":"https:\/\/www.sommelieroftheyear.eu\/fr\/wp-json\/wp\/v2\/types\/page"}],"author":[{"embeddable":true,"href":"https:\/\/www.sommelieroftheyear.eu\/fr\/wp-json\/wp\/v2\/users\/1"}],"replies":[{"embeddable":true,"href":"https:\/\/www.sommelieroftheyear.eu\/fr\/wp-json\/wp\/v2\/comments?post=5050"}],"version-history":[{"count":12,"href":"https:\/\/www.sommelieroftheyear.eu\/fr\/wp-json\/wp\/v2\/pages\/5050\/revisions"}],"predecessor-version":[{"id":5086,"href":"https:\/\/www.sommelieroftheyear.eu\/fr\/wp-json\/wp\/v2\/pages\/5050\/revisions\/5086"}],"wp:featuredmedia":[{"embeddable":true,"href":"https:\/\/www.sommelieroftheyear.eu\/fr\/wp-json\/wp\/v2\/media\/4830"}],"wp:attachment":[{"href":"https:\/\/www.sommelieroftheyear.eu\/fr\/wp-json\/wp\/v2\/media?parent=5050"}],"curies":[{"name":"wp","href":"https:\/\/api.w.org\/{rel}","templated":true}]}}